{"id":1171,"date":"2025-10-16T11:12:07","date_gmt":"2025-10-16T09:12:07","guid":{"rendered":"https:\/\/www.senetic.es\/blog\/?page_id=1171"},"modified":"2025-10-16T11:13:59","modified_gmt":"2025-10-16T09:13:59","slug":"posts-archive","status":"publish","type":"page","link":"https:\/\/www.senetic.es\/blog\/posts-archive\/","title":{"rendered":"Posts archive"},"content":{"rendered":"\t\t<div data-elementor-type=\"wp-page\" data-elementor-id=\"1171\" class=\"elementor elementor-1171\">\n\t\t\t\t\t\t<section class=\"has-el-gap el-gap-default elementor-section elementor-top-section elementor-element elementor-element-61ae5536 elementor-section-boxed elementor-section-height-default elementor-section-height-default\" data-id=\"61ae5536\" data-element_type=\"section\" data-e-type=\"section\">\n\t\t\t\t\t\t<div class=\"elementor-container elementor-column-gap-no\">\n\t\t\t\t\t<div class=\"elementor-column elementor-col-100 elementor-top-column elementor-element elementor-element-1049bc9f\" data-id=\"1049bc9f\" data-element_type=\"column\" data-e-type=\"column\">\n\t\t\t<div class=\"elementor-widget-wrap elementor-element-populated\">\n\t\t\t\t\t\t<div class=\"elementor-element elementor-element-a836434 elementor-widget elementor-widget-smartmag-breadcrumbs\" data-id=\"a836434\" data-element_type=\"widget\" data-e-type=\"widget\" data-widget_type=\"smartmag-breadcrumbs.default\">\n\t\t\t\t<div class=\"elementor-widget-container\">\n\t\t\t\t\t<nav class=\"breadcrumbs ts-contain breadcrumbs-a\" id=\"breadcrumb\"><div class=\"inner ts-contain \"><span class=\"current\">Home<\/span><\/div><\/nav>\t\t\t\t<\/div>\n\t\t\t\t<\/div>\n\t\t\t\t<div class=\"elementor-element elementor-element-2f78a838 elementor-widget elementor-widget-smartmag-heading\" data-id=\"2f78a838\" data-element_type=\"widget\" data-e-type=\"widget\" data-widget_type=\"smartmag-heading.default\">\n\t\t\t\t<div class=\"elementor-widget-container\">\n\t\t\t\t\t\t\t\t\t\t\n\t\t\t\t\t\t\t\n\t\t\t\t<div class=\"block-head block-head-ac block-head-i is-left\">\n\n\t\t\t\t\t<h1 class=\"heading\">Browsing: <span>Posts Archive<\/span><\/h1>\t\t\t\t\t\n\t\t\t\t\t\t\t\t\t<\/div>\n\t\t\t\t\n\t\t\t\n\t\t\t\t\t\t<\/div>\n\t\t\t\t<\/div>\n\t\t\t\t<div class=\"elementor-element elementor-element-1497a078 elementor-widget elementor-widget-text-editor\" data-id=\"1497a078\" data-element_type=\"widget\" data-e-type=\"widget\" data-widget_type=\"text-editor.default\">\n\t\t\t\t\t\t\t\t\t<p>Posts archive description<\/p>\t\t\t\t\t\t\t\t<\/div>\n\t\t\t\t<div class=\"elementor-element elementor-element-56a0ec11 elementor-widget elementor-widget-smartmag-grid\" data-id=\"56a0ec11\" data-element_type=\"widget\" data-e-type=\"widget\" data-widget_type=\"smartmag-grid.default\">\n\t\t\t\t<div class=\"elementor-widget-container\">\n\t\t\t\t\t\t\t<section class=\"block-wrap block-grid block-sc\" data-id=\"1\" data-block=\"{&quot;id&quot;:&quot;grid&quot;,&quot;props&quot;:{&quot;cat_labels&quot;:1,&quot;cat_labels_pos&quot;:&quot;bot-left&quot;,&quot;reviews&quot;:&quot;radial&quot;,&quot;post_formats_pos&quot;:&quot;center&quot;,&quot;load_more_style&quot;:&quot;a&quot;,&quot;meta_cat_style&quot;:&quot;text&quot;,&quot;media_style_shadow&quot;:0,&quot;meta_sponsor&quot;:1,&quot;meta_sponsor_logo&quot;:0,&quot;meta_sponsor_label&quot;:&quot;Sponsor: {sponsor}&quot;,&quot;meta_above&quot;:[],&quot;meta_below&quot;:[&quot;date&quot;],&quot;meta_sponsor_above&quot;:[],&quot;meta_sponsor_below&quot;:[&quot;sponsor&quot;,&quot;date&quot;],&quot;media_ratio&quot;:&quot;&quot;,&quot;media_ratio_custom&quot;:&quot;&quot;,&quot;read_more&quot;:&quot;none&quot;,&quot;content_center&quot;:0,&quot;posts&quot;:12,&quot;pagination&quot;:&quot;1&quot;,&quot;columns&quot;:&quot;3&quot;,&quot;container_width&quot;:100,&quot;pagination_links&quot;:null,&quot;excerpt_length&quot;:15,&quot;meta_sponsor_items_default&quot;:true,&quot;query_type&quot;:&quot;custom&quot;,&quot;sort_days&quot;:null,&quot;carousel_dots&quot;:null,&quot;is_sc_call&quot;:true,&quot;meta_items_default&quot;:true}}\">\n\n\t\t\t\t\n\t\t\t<div class=\"block-content\">\n\t\t\t\t\t\n\t<div class=\"loop loop-grid loop-grid-base grid grid-3 md:grid-2 xs:grid-1\">\n\n\t\t\t\t\t\n<article class=\"l-post grid-post grid-base-post\">\n\n\t\n\t\t\t<div class=\"media\">\n\n\t\t\n\t\t\t<a href=\"https:\/\/www.senetic.es\/blog\/1410,que-esta-cambiando-y-como-prepararse\/\" class=\"image-link media-ratio ratio-16-9\" title=\"Se\u00a0acercan\u00a0subidas\u00a0de\u00a0precios\u00a0de Microsoft\u00a0365: \u00bfqu\u00e9\u00a0est\u00e1\u00a0cambiando\u00a0y\u00a0c\u00f3mo\u00a0prepararse?\u00a0\"><img fetchpriority=\"high\" decoding=\"async\" width=\"377\" height=\"212\" src=\"https:\/\/www.senetic.es\/blog\/app\/uploads\/2026\/04\/Formatka-na-bloga-450x300.jpg\" class=\"attachment-bunyad-medium size-bunyad-medium wp-post-image\" alt=\"Microsoft ha\u00a0anunciado\u00a0cambios\u00a0globales\u00a0en\u00a0los\u00a0planes de\u00a0suscripci\u00f3n\u00a0y\u00a0precios\u00a0de Microsoft 365,\u00a0que\u00a0entrar\u00e1n\u00a0en\u00a0vigor\u00a0en\u00a0julio\u00a0de 2026.\" sizes=\"(max-width: 377px) 100vw, 377px\" title=\"Se\u00a0acercan\u00a0subidas\u00a0de\u00a0precios\u00a0de Microsoft\u00a0365: \u00bfqu\u00e9\u00a0est\u00e1\u00a0cambiando\u00a0y\u00a0c\u00f3mo\u00a0prepararse?\u00a0\" srcset=\"https:\/\/www.senetic.es\/blog\/app\/uploads\/2026\/04\/Formatka-na-bloga-450x300.jpg 450w, https:\/\/www.senetic.es\/blog\/app\/uploads\/2026\/04\/Formatka-na-bloga-1024x683.jpg 1024w, https:\/\/www.senetic.es\/blog\/app\/uploads\/2026\/04\/Formatka-na-bloga-768x512.jpg 768w, https:\/\/www.senetic.es\/blog\/app\/uploads\/2026\/04\/Formatka-na-bloga.jpg 1200w\" \/><\/a>\t\t\t\n\t\t\t\n\t\t\t\n\t\t\t\t\t\t\t\n\t\t\t\t<span class=\"cat-labels cat-labels-overlay c-overlay p-bot-left\">\n\t\t\t\t<a href=\"https:\/\/www.senetic.es\/blog\/category\/inteligencia-artificial-y-nuevas-tecnologias\/\" class=\"category term-color-88\" rel=\"category\" tabindex=\"-1\">Inteligencia artificial y nuevas tecnolog\u00edas<\/a>\n\t\t\t<\/span>\n\t\t\t\t\t\t\n\t\t\t\n\t\t\n\t\t<\/div>\n\t\n\n\t\n\t\t<div class=\"content\">\n\n\t\t\t<div class=\"post-meta post-meta-a has-below\"><h2 class=\"is-title post-title\"><a href=\"https:\/\/www.senetic.es\/blog\/1410,que-esta-cambiando-y-como-prepararse\/\">Se\u00a0acercan\u00a0subidas\u00a0de\u00a0precios\u00a0de Microsoft\u00a0365: \u00bfqu\u00e9\u00a0est\u00e1\u00a0cambiando\u00a0y\u00a0c\u00f3mo\u00a0prepararse?\u00a0<\/a><\/h2><div class=\"post-meta-items meta-below\"><span class=\"meta-item date\"><span class=\"date-link\"><time class=\"post-date\" datetime=\"2026-04-17T11:29:42+02:00\">17 April 2026<\/time><\/span><\/span><\/div><\/div>\t\t\t\n\t\t\t\t\t\t\n\t\t\t\t<div class=\"excerpt\">\n\t\t\t\t\t<p>Microsoft ha\u00a0anunciado\u00a0cambios\u00a0globales\u00a0en\u00a0los\u00a0planes de\u00a0suscripci\u00f3n\u00a0y\u00a0precios\u00a0de Microsoft 365,\u00a0que\u00a0entrar\u00e1n\u00a0en\u00a0vigor\u00a0en\u00a0julio\u00a0de 2026. En\u00a0este\u00a0art\u00edculo,\u00a0explicamos\u00a0qu\u00e9\u00a0est\u00e1\u00a0cambiando,\u00a0cu\u00e1ndo\u00a0entrar\u00e1n\u00a0en\u00a0vigor\u00a0los\u00a0nuevos\u00a0precios\u00a0y\u00a0qu\u00e9\u00a0debes\u00a0hacer\u00a0ahora\u00a0para\u00a0optimizar\u00a0los\u00a0costes.\u00a0<\/p>\n\t\t\t\t<\/div>\n\t\t\t\n\t\t\t\n\t\t\t\n\t\t<\/div>\n\n\t\n<\/article>\t\t\t\t\t\n<article class=\"l-post grid-post grid-base-post\">\n\n\t\n\t\t\t<div class=\"media\">\n\n\t\t\n\t\t\t<a href=\"https:\/\/www.senetic.es\/blog\/1407,licencias-de-microsoft-no-mas-periodo-de-gracia\/\" class=\"image-link media-ratio ratio-16-9\" title=\"Cambio\u00a0importante\u00a0en\u00a0la\u00a0pol\u00edtica\u00a0de\u00a0renovaci\u00f3n\u00a0de\u00a0licencias\u00a0de Microsoft: no\u00a0m\u00e1s\u00a0per\u00edodo\u00a0de\u00a0gracia\u00a0\"><img decoding=\"async\" width=\"377\" height=\"212\" src=\"https:\/\/www.senetic.es\/blog\/app\/uploads\/2026\/04\/Formatka-na-bloga-1-450x300.jpg\" class=\"attachment-bunyad-medium size-bunyad-medium wp-post-image\" alt=\"grace period\" sizes=\"(max-width: 377px) 100vw, 377px\" title=\"Cambio\u00a0importante\u00a0en\u00a0la\u00a0pol\u00edtica\u00a0de\u00a0renovaci\u00f3n\u00a0de\u00a0licencias\u00a0de Microsoft: no\u00a0m\u00e1s\u00a0per\u00edodo\u00a0de\u00a0gracia\u00a0\" srcset=\"https:\/\/www.senetic.es\/blog\/app\/uploads\/2026\/04\/Formatka-na-bloga-1-450x300.jpg 450w, https:\/\/www.senetic.es\/blog\/app\/uploads\/2026\/04\/Formatka-na-bloga-1-1024x683.jpg 1024w, https:\/\/www.senetic.es\/blog\/app\/uploads\/2026\/04\/Formatka-na-bloga-1-768x512.jpg 768w, https:\/\/www.senetic.es\/blog\/app\/uploads\/2026\/04\/Formatka-na-bloga-1.jpg 1200w\" \/><\/a>\t\t\t\n\t\t\t\n\t\t\t\n\t\t\t\t\t\t\t\n\t\t\t\t<span class=\"cat-labels cat-labels-overlay c-overlay p-bot-left\">\n\t\t\t\t<a href=\"https:\/\/www.senetic.es\/blog\/category\/nube-y-software\/cloud-microsoft\/\" class=\"category term-color-87\" rel=\"category\" tabindex=\"-1\">Cloud &amp; Microsoft<\/a>\n\t\t\t<\/span>\n\t\t\t\t\t\t\n\t\t\t\n\t\t\n\t\t<\/div>\n\t\n\n\t\n\t\t<div class=\"content\">\n\n\t\t\t<div class=\"post-meta post-meta-a has-below\"><h2 class=\"is-title post-title\"><a href=\"https:\/\/www.senetic.es\/blog\/1407,licencias-de-microsoft-no-mas-periodo-de-gracia\/\">Cambio\u00a0importante\u00a0en\u00a0la\u00a0pol\u00edtica\u00a0de\u00a0renovaci\u00f3n\u00a0de\u00a0licencias\u00a0de Microsoft: no\u00a0m\u00e1s\u00a0per\u00edodo\u00a0de\u00a0gracia\u00a0<\/a><\/h2><div class=\"post-meta-items meta-below\"><span class=\"meta-item date\"><span class=\"date-link\"><time class=\"post-date\" datetime=\"2026-04-17T10:26:27+02:00\">17 April 2026<\/time><\/span><\/span><\/div><\/div>\t\t\t\n\t\t\t\t\t\t\n\t\t\t\t<div class=\"excerpt\">\n\t\t\t\t\t<p>Desde\u00a0el\u00a04 de mayo de 2026, la pol\u00edtica de renovaci\u00f3n de licencias de Microsoft cambia.\u202f\u202fSeg\u00fan la&hellip;<\/p>\n\t\t\t\t<\/div>\n\t\t\t\n\t\t\t\n\t\t\t\n\t\t<\/div>\n\n\t\n<\/article>\t\t\t\t\t\n<article class=\"l-post grid-post grid-base-post\">\n\n\t\n\t\t\t<div class=\"media\">\n\n\t\t\n\t\t\t<a href=\"https:\/\/www.senetic.es\/blog\/1404,sql-server-2025\/\" class=\"image-link media-ratio ratio-16-9\" title=\"SQL Server 2025 \u2013\u00a0Funciones\u00a0de IA\u00a0en\u00a0bases de\u00a0datos\u00a0\"><img decoding=\"async\" width=\"377\" height=\"212\" src=\"https:\/\/www.senetic.es\/blog\/app\/uploads\/2026\/04\/SQL-Server-2025-450x300.jpg\" class=\"attachment-bunyad-medium size-bunyad-medium wp-post-image\" alt=\"SQL-Server\" sizes=\"(max-width: 377px) 100vw, 377px\" title=\"SQL Server 2025 \u2013\u00a0Funciones\u00a0de IA\u00a0en\u00a0bases de\u00a0datos\u00a0\" srcset=\"https:\/\/www.senetic.es\/blog\/app\/uploads\/2026\/04\/SQL-Server-2025-450x300.jpg 450w, https:\/\/www.senetic.es\/blog\/app\/uploads\/2026\/04\/SQL-Server-2025-1024x683.jpg 1024w, https:\/\/www.senetic.es\/blog\/app\/uploads\/2026\/04\/SQL-Server-2025-768x512.jpg 768w, https:\/\/www.senetic.es\/blog\/app\/uploads\/2026\/04\/SQL-Server-2025.jpg 1200w\" \/><\/a>\t\t\t\n\t\t\t\n\t\t\t\n\t\t\t\t\t\t\t\n\t\t\t\t<span class=\"cat-labels cat-labels-overlay c-overlay p-bot-left\">\n\t\t\t\t<a href=\"https:\/\/www.senetic.es\/blog\/category\/nube-y-software\/cloud-microsoft\/\" class=\"category term-color-87\" rel=\"category\" tabindex=\"-1\">Cloud &amp; Microsoft<\/a>\n\t\t\t<\/span>\n\t\t\t\t\t\t\n\t\t\t\n\t\t\n\t\t<\/div>\n\t\n\n\t\n\t\t<div class=\"content\">\n\n\t\t\t<div class=\"post-meta post-meta-a has-below\"><h2 class=\"is-title post-title\"><a href=\"https:\/\/www.senetic.es\/blog\/1404,sql-server-2025\/\">SQL Server 2025 \u2013\u00a0Funciones\u00a0de IA\u00a0en\u00a0bases de\u00a0datos\u00a0<\/a><\/h2><div class=\"post-meta-items meta-below\"><span class=\"meta-item date\"><span class=\"date-link\"><time class=\"post-date\" datetime=\"2026-04-17T10:18:20+02:00\">17 April 2026<\/time><\/span><\/span><\/div><\/div>\t\t\t\n\t\t\t\t\t\t\n\t\t\t\t<div class=\"excerpt\">\n\t\t\t\t\t<p>SQL Server 2025 es la\u00a0\u00faltima\u00a0versi\u00f3n\u00a0del\u00a0sistema\u00a0emblem\u00e1tico\u00a0de\u00a0gesti\u00f3n\u00a0de bases de\u00a0datos\u00a0de Microsoft,\u00a0que\u00a0se\u00a0present\u00f3\u00a0oficialmente\u00a0en\u00a0la\u00a0conferencia\u00a0Microsoft Ignite\u00a0en\u00a0noviembre\u00a0de 2025\u00a0y se\u00a0incorpor\u00f3\u00a0a las\u00a0listas\u00a0de\u00a0precios\u00a0en\u00a0enero\u00a0de\u00a02026.\u00a0<\/p>\n\t\t\t\t<\/div>\n\t\t\t\n\t\t\t\n\t\t\t\n\t\t<\/div>\n\n\t\n<\/article>\t\t\t\t\t\n<article class=\"l-post grid-post grid-base-post\">\n\n\t\n\t\t\t<div class=\"media\">\n\n\t\t\n\t\t\t<a href=\"https:\/\/www.senetic.es\/blog\/1401,programa-de-recomendacion-senetic\/\" class=\"image-link media-ratio ratio-16-9\" title=\"Programa\u00a0de\u00a0Recomendaci\u00f3n\u00a0Senetic:\u00a0gana\u00a0240\u00a0\u20ac\u00a0por\u00a0recomendarnos\u00a0a\u00a0otra\u00a0empresa\u00a0\"><img loading=\"lazy\" decoding=\"async\" width=\"377\" height=\"212\" src=\"https:\/\/www.senetic.es\/blog\/app\/uploads\/2026\/04\/Program-Polecen-Senetic-450x300.jpg\" class=\"attachment-bunyad-medium size-bunyad-medium wp-post-image\" alt=\"Programa\u00a0de\u00a0Recomendaci\u00f3n\u00a0Senetic\" sizes=\"(max-width: 377px) 100vw, 377px\" title=\"Programa\u00a0de\u00a0Recomendaci\u00f3n\u00a0Senetic:\u00a0gana\u00a0240\u00a0\u20ac\u00a0por\u00a0recomendarnos\u00a0a\u00a0otra\u00a0empresa\u00a0\" srcset=\"https:\/\/www.senetic.es\/blog\/app\/uploads\/2026\/04\/Program-Polecen-Senetic-450x300.jpg 450w, https:\/\/www.senetic.es\/blog\/app\/uploads\/2026\/04\/Program-Polecen-Senetic-1024x683.jpg 1024w, https:\/\/www.senetic.es\/blog\/app\/uploads\/2026\/04\/Program-Polecen-Senetic-768x512.jpg 768w, https:\/\/www.senetic.es\/blog\/app\/uploads\/2026\/04\/Program-Polecen-Senetic.jpg 1200w\" \/><\/a>\t\t\t\n\t\t\t\n\t\t\t\n\t\t\t\t\t\t\t\n\t\t\t\t<span class=\"cat-labels cat-labels-overlay c-overlay p-bot-left\">\n\t\t\t\t<a href=\"https:\/\/www.senetic.es\/blog\/category\/nube-y-software\/cloud-microsoft\/\" class=\"category term-color-87\" rel=\"category\" tabindex=\"-1\">Cloud &amp; Microsoft<\/a>\n\t\t\t<\/span>\n\t\t\t\t\t\t\n\t\t\t\n\t\t\n\t\t<\/div>\n\t\n\n\t\n\t\t<div class=\"content\">\n\n\t\t\t<div class=\"post-meta post-meta-a has-below\"><h2 class=\"is-title post-title\"><a href=\"https:\/\/www.senetic.es\/blog\/1401,programa-de-recomendacion-senetic\/\">Programa\u00a0de\u00a0Recomendaci\u00f3n\u00a0Senetic:\u00a0gana\u00a0240\u00a0\u20ac\u00a0por\u00a0recomendarnos\u00a0a\u00a0otra\u00a0empresa\u00a0<\/a><\/h2><div class=\"post-meta-items meta-below\"><span class=\"meta-item date\"><span class=\"date-link\"><time class=\"post-date\" datetime=\"2026-04-17T10:12:00+02:00\">17 April 2026<\/time><\/span><\/span><\/div><\/div>\t\t\t\n\t\t\t\t\t\t\n\t\t\t\t<div class=\"excerpt\">\n\t\t\t\t\t<p>En\u00a0el\u00a0mundo\u00a0empresarial, las\u00a0recomendaciones\u00a0tienen\u00a0un\u00a0poder\u00a0enorme.\u00a0Senetic,\u00a0como\u00a0socio de\u00a0larga\u00a0trayectoria\u00a0de Microsoft, ha\u00a0introducido\u00a0un nuevo\u00a0Programa\u00a0de\u00a0Recomendaci\u00f3n,\u00a0que\u00a0permite\u00a0a\u00a0las\u00a0empresas\u00a0obtener\u00a0un\u00a0beneficio\u00a0real\u00a0recomendando\u00a0los\u00a0servicios\u00a0de Microsoft 365\u00a0que\u00a0ofrece\u00a0Senetic\u00a0a\u00a0otras\u00a0empresas. Es\u00a0una\u00a0forma\u00a0sencilla\u00a0de\u00a0apoyar\u00a0a\u00a0tus\u00a0socios\u00a0comerciales\u00a0en\u00a0su\u00a0transformaci\u00f3n\u00a0digital y, al\u00a0mismo\u00a0tiempo,\u00a0obtener\u00a0una\u00a0recompensa\u00a0econ\u00f3mica\u00a0atractiva.\u00a0 \u00bfC\u00f3mo\u00a0funciona\u00a0el\u00a0Programa\u00a0de\u00a0recomendaci\u00f3n\u00a0Senetic?\u00a0 El\u00a0Programa\u00a0de\u00a0Recomendaci\u00f3n\u00a0de\u00a0Senetic\u00a0est\u00e1 dirigido \u00fanicamente&hellip;<\/p>\n\t\t\t\t<\/div>\n\t\t\t\n\t\t\t\n\t\t\t\n\t\t<\/div>\n\n\t\n<\/article>\t\t\t\t\t\n<article class=\"l-post grid-post grid-base-post\">\n\n\t\n\t\t\t<div class=\"media\">\n\n\t\t\n\t\t\t<a href=\"https:\/\/www.senetic.es\/blog\/1390,que-ssd-interno-elegir-guia\/\" class=\"image-link media-ratio ratio-16-9\" title=\"\u00bfQu\u00e9 SSD interno elegir? Gu\u00eda\"><img loading=\"lazy\" decoding=\"async\" width=\"377\" height=\"212\" src=\"https:\/\/www.senetic.es\/blog\/app\/uploads\/2026\/04\/wewnetrzne-dyski-SSD-poradnik-cover-450x300.jpg\" class=\"attachment-bunyad-medium size-bunyad-medium wp-post-image\" alt=\"\u00bfQu\u00e9 SSD interno elegir? Gu\u00eda\" sizes=\"(max-width: 377px) 100vw, 377px\" title=\"\u00bfQu\u00e9 SSD interno elegir? Gu\u00eda\" srcset=\"https:\/\/www.senetic.es\/blog\/app\/uploads\/2026\/04\/wewnetrzne-dyski-SSD-poradnik-cover-450x300.jpg 450w, https:\/\/www.senetic.es\/blog\/app\/uploads\/2026\/04\/wewnetrzne-dyski-SSD-poradnik-cover-768x512.jpg 768w, https:\/\/www.senetic.es\/blog\/app\/uploads\/2026\/04\/wewnetrzne-dyski-SSD-poradnik-cover.jpg 982w\" \/><\/a>\t\t\t\n\t\t\t\n\t\t\t\n\t\t\t\t\t\t\t\n\t\t\t\t<span class=\"cat-labels cat-labels-overlay c-overlay p-bot-left\">\n\t\t\t\t<a href=\"https:\/\/www.senetic.es\/blog\/category\/hardware-y-tecnologia\/hardware-informatico\/\" class=\"category term-color-90\" rel=\"category\" tabindex=\"-1\">Hardware inform\u00e1tico<\/a>\n\t\t\t<\/span>\n\t\t\t\t\t\t\n\t\t\t\n\t\t\n\t\t<\/div>\n\t\n\n\t\n\t\t<div class=\"content\">\n\n\t\t\t<div class=\"post-meta post-meta-a has-below\"><h2 class=\"is-title post-title\"><a href=\"https:\/\/www.senetic.es\/blog\/1390,que-ssd-interno-elegir-guia\/\">\u00bfQu\u00e9 SSD interno elegir? Gu\u00eda<\/a><\/h2><div class=\"post-meta-items meta-below\"><span class=\"meta-item date\"><span class=\"date-link\"><time class=\"post-date\" datetime=\"2026-04-02T15:23:55+02:00\">2 April 2026<\/time><\/span><\/span><\/div><\/div>\t\t\t\n\t\t\t\t\t\t\n\t\t\t\t<div class=\"excerpt\">\n\t\t\t\t\t<p>Los discos SSD internos se han convertido en la base de la infraestructura de TI&hellip;<\/p>\n\t\t\t\t<\/div>\n\t\t\t\n\t\t\t\n\t\t\t\n\t\t<\/div>\n\n\t\n<\/article>\t\t\t\t\t\n<article class=\"l-post grid-post grid-base-post\">\n\n\t\n\t\t\t<div class=\"media\">\n\n\t\t\n\t\t\t<a href=\"https:\/\/www.senetic.es\/blog\/1338,microsoft-365-e7\/\" class=\"image-link media-ratio ratio-16-9\" title=\"La transformaci\u00f3n de nueva generaci\u00f3n con Microsoft 365 E7 abre nuevas posibilidades.\"><img loading=\"lazy\" decoding=\"async\" width=\"377\" height=\"212\" src=\"https:\/\/www.senetic.es\/blog\/app\/uploads\/2026\/03\/Projekt-bez-nazwy-450x300.png\" class=\"attachment-bunyad-medium size-bunyad-medium wp-post-image\" alt=\"Microsoft_365_E7\" sizes=\"(max-width: 377px) 100vw, 377px\" title=\"La transformaci\u00f3n de nueva generaci\u00f3n con Microsoft 365 E7 abre nuevas posibilidades.\" srcset=\"https:\/\/www.senetic.es\/blog\/app\/uploads\/2026\/03\/Projekt-bez-nazwy-450x300.png 450w, https:\/\/www.senetic.es\/blog\/app\/uploads\/2026\/03\/Projekt-bez-nazwy-1024x683.png 1024w, https:\/\/www.senetic.es\/blog\/app\/uploads\/2026\/03\/Projekt-bez-nazwy-768x512.png 768w, https:\/\/www.senetic.es\/blog\/app\/uploads\/2026\/03\/Projekt-bez-nazwy.png 1200w\" \/><\/a>\t\t\t\n\t\t\t\n\t\t\t\n\t\t\t\t\t\t\t\n\t\t\t\t<span class=\"cat-labels cat-labels-overlay c-overlay p-bot-left\">\n\t\t\t\t<a href=\"https:\/\/www.senetic.es\/blog\/category\/nube-y-software\/cloud-microsoft\/\" class=\"category term-color-87\" rel=\"category\" tabindex=\"-1\">Cloud &amp; Microsoft<\/a>\n\t\t\t<\/span>\n\t\t\t\t\t\t\n\t\t\t\n\t\t\n\t\t<\/div>\n\t\n\n\t\n\t\t<div class=\"content\">\n\n\t\t\t<div class=\"post-meta post-meta-a has-below\"><h2 class=\"is-title post-title\"><a href=\"https:\/\/www.senetic.es\/blog\/1338,microsoft-365-e7\/\">La transformaci\u00f3n de nueva generaci\u00f3n con Microsoft 365 E7 abre nuevas posibilidades.<\/a><\/h2><div class=\"post-meta-items meta-below\"><span class=\"meta-item date\"><span class=\"date-link\"><time class=\"post-date\" datetime=\"2026-03-19T11:32:04+01:00\">19 March 2026<\/time><\/span><\/span><\/div><\/div>\t\t\t\n\t\t\t\t\t\t\n\t\t\t\t<div class=\"excerpt\">\n\t\t\t\t\t<p>Microsoft 365 E7 La transformaci\u00f3n digital ha hecho que los clientes se centren m\u00e1s en&hellip;<\/p>\n\t\t\t\t<\/div>\n\t\t\t\n\t\t\t\n\t\t\t\n\t\t<\/div>\n\n\t\n<\/article>\t\t\t\t\t\n<article class=\"l-post grid-post grid-base-post\">\n\n\t\n\t\t\t<div class=\"media\">\n\n\t\t\n\t\t\t<a href=\"https:\/\/www.senetic.es\/blog\/1312,ranking-de-memorias-ram-que-modulos-ram-elegir\/\" class=\"image-link media-ratio ratio-16-9\" title=\"Ranking de memorias RAM [2026]: \u00bfqu\u00e9 m\u00f3dulos RAM elegir?\"><img loading=\"lazy\" decoding=\"async\" width=\"377\" height=\"212\" src=\"https:\/\/www.senetic.es\/blog\/app\/uploads\/2026\/03\/ram-cover-photo-1-450x300.jpg\" class=\"attachment-bunyad-medium size-bunyad-medium wp-post-image\" alt=\"Memoria RAM Kingston FURY Beast DDR5\" sizes=\"(max-width: 377px) 100vw, 377px\" title=\"Ranking de memorias RAM [2026]: \u00bfqu\u00e9 m\u00f3dulos RAM elegir?\" srcset=\"https:\/\/www.senetic.es\/blog\/app\/uploads\/2026\/03\/ram-cover-photo-1-450x300.jpg 450w, https:\/\/www.senetic.es\/blog\/app\/uploads\/2026\/03\/ram-cover-photo-1-1024x683.jpg 1024w, https:\/\/www.senetic.es\/blog\/app\/uploads\/2026\/03\/ram-cover-photo-1-768x512.jpg 768w, https:\/\/www.senetic.es\/blog\/app\/uploads\/2026\/03\/ram-cover-photo-1.jpg 1200w\" \/><\/a>\t\t\t\n\t\t\t\n\t\t\t\n\t\t\t\t\t\t\t\n\t\t\t\t<span class=\"cat-labels cat-labels-overlay c-overlay p-bot-left\">\n\t\t\t\t<a href=\"https:\/\/www.senetic.es\/blog\/category\/hardware-y-tecnologia\/\" class=\"category term-color-19\" rel=\"category\" tabindex=\"-1\">Hardware y tecnolog\u00eda<\/a>\n\t\t\t<\/span>\n\t\t\t\t\t\t\n\t\t\t\n\t\t\n\t\t<\/div>\n\t\n\n\t\n\t\t<div class=\"content\">\n\n\t\t\t<div class=\"post-meta post-meta-a has-below\"><h2 class=\"is-title post-title\"><a href=\"https:\/\/www.senetic.es\/blog\/1312,ranking-de-memorias-ram-que-modulos-ram-elegir\/\">Ranking de memorias RAM [2026]: \u00bfqu\u00e9 m\u00f3dulos RAM elegir?<\/a><\/h2><div class=\"post-meta-items meta-below\"><span class=\"meta-item date\"><span class=\"date-link\"><time class=\"post-date\" datetime=\"2026-03-11T12:20:46+01:00\">11 March 2026<\/time><\/span><\/span><\/div><\/div>\t\t\t\n\t\t\t\t\t\t\n\t\t\t\t<div class=\"excerpt\">\n\t\t\t\t\t<p>Este art\u00edculo est\u00e1 dirigido a pymes e instituciones, responsables de IT e integradores de sistemas&hellip;<\/p>\n\t\t\t\t<\/div>\n\t\t\t\n\t\t\t\n\t\t\t\n\t\t<\/div>\n\n\t\n<\/article>\t\t\t\t\t\n<article class=\"l-post grid-post grid-base-post\">\n\n\t\n\t\t\t<div class=\"media\">\n\n\t\t\n\t\t\t<a href=\"https:\/\/www.senetic.es\/blog\/1298,microsoft-copilot\/\" class=\"image-link media-ratio ratio-16-9\" title=\"Microsoft Copilot Chat \u2013 le d\u00e9but de\u00a0l&#8217;adoption\u00a0de\u00a0l&#8217;IA\u00a0dans\u00a0l&#8217;entreprise\u00a0enti\u00e8rement\u00a0gratuitement\u00a0\"><img loading=\"lazy\" decoding=\"async\" width=\"377\" height=\"212\" src=\"https:\/\/www.senetic.es\/blog\/app\/uploads\/2026\/02\/copilot-chat-2-450x300.png\" class=\"attachment-bunyad-medium size-bunyad-medium wp-post-image\" alt=\"copilot\" sizes=\"(max-width: 377px) 100vw, 377px\" title=\"Microsoft Copilot Chat \u2013 le d\u00e9but de\u00a0l&#8217;adoption\u00a0de\u00a0l&#8217;IA\u00a0dans\u00a0l&#8217;entreprise\u00a0enti\u00e8rement\u00a0gratuitement\u00a0\" srcset=\"https:\/\/www.senetic.es\/blog\/app\/uploads\/2026\/02\/copilot-chat-2-450x300.png 450w, https:\/\/www.senetic.es\/blog\/app\/uploads\/2026\/02\/copilot-chat-2-1024x683.png 1024w, https:\/\/www.senetic.es\/blog\/app\/uploads\/2026\/02\/copilot-chat-2-768x512.png 768w, https:\/\/www.senetic.es\/blog\/app\/uploads\/2026\/02\/copilot-chat-2.png 1200w\" \/><\/a>\t\t\t\n\t\t\t\n\t\t\t\n\t\t\t\t\t\t\t\n\t\t\t\t<span class=\"cat-labels cat-labels-overlay c-overlay p-bot-left\">\n\t\t\t\t<a href=\"https:\/\/www.senetic.es\/blog\/category\/nube-y-software\/cloud-microsoft\/\" class=\"category term-color-87\" rel=\"category\" tabindex=\"-1\">Cloud &amp; Microsoft<\/a>\n\t\t\t<\/span>\n\t\t\t\t\t\t\n\t\t\t\n\t\t\n\t\t<\/div>\n\t\n\n\t\n\t\t<div class=\"content\">\n\n\t\t\t<div class=\"post-meta post-meta-a has-below\"><h2 class=\"is-title post-title\"><a href=\"https:\/\/www.senetic.es\/blog\/1298,microsoft-copilot\/\">Microsoft Copilot Chat \u2013 le d\u00e9but de\u00a0l&#8217;adoption\u00a0de\u00a0l&#8217;IA\u00a0dans\u00a0l&#8217;entreprise\u00a0enti\u00e8rement\u00a0gratuitement\u00a0<\/a><\/h2><div class=\"post-meta-items meta-below\"><span class=\"meta-item date\"><span class=\"date-link\"><time class=\"post-date\" datetime=\"2026-02-17T11:21:20+01:00\">17 February 2026<\/time><\/span><\/span><\/div><\/div>\t\t\t\n\t\t\t\t\t\t\n\t\t\t\t<div class=\"excerpt\">\n\t\t\t\t\t<p>\u00c0\u00a0l&#8217;\u00e8re\u00a0de la transformation num\u00e9rique, de plus\u00a0en\u00a0plus\u00a0d&#8217;entreprises\u00a0et\u00a0d&#8217;employ\u00e9s\u00a0se\u00a0tournent\u00a0vers des\u00a0outils\u00a0aliment\u00e9s\u00a0par\u00a0l&#8217;IA\u00a0pour\u00a0rationaliser\u00a0leur\u00a0travail\u00a0quotidien, augmenter\u00a0leur\u00a0productivit\u00e9\u00a0et\u00a0offrir\u00a0un\u00a0avantage\u00a0concurrentiel.\u00a0L&#8217;une\u00a0des solutions les plus\u00a0innovantes\u00a0de\u00a0ces\u00a0derni\u00e8res\u00a0ann\u00e9es\u00a0est Microsoft Copilot Chat \u2013&hellip;<\/p>\n\t\t\t\t<\/div>\n\t\t\t\n\t\t\t\n\t\t\t\n\t\t<\/div>\n\n\t\n<\/article>\t\t\t\t\t\n<article class=\"l-post grid-post grid-base-post\">\n\n\t\n\t\t\t<div class=\"media\">\n\n\t\t\n\t\t\t<a href=\"https:\/\/www.senetic.es\/blog\/1294,senetic-gana-la-segunda-advanced-specialization-microsoft-copilot\/\" class=\"image-link media-ratio ratio-16-9\" title=\"Senetic\u00a0gana\u00a0la\u00a0segunda\u00a0Advanced Specialization\u00a0Microsoft \u2014 Copilot\u00a0\"><img loading=\"lazy\" decoding=\"async\" width=\"377\" height=\"212\" src=\"https:\/\/www.senetic.es\/blog\/app\/uploads\/2026\/01\/miniatura-blog-450x300.jpg\" class=\"attachment-bunyad-medium size-bunyad-medium wp-post-image\" alt=\"Copilot\" sizes=\"(max-width: 377px) 100vw, 377px\" title=\"Senetic\u00a0gana\u00a0la\u00a0segunda\u00a0Advanced Specialization\u00a0Microsoft \u2014 Copilot\u00a0\" srcset=\"https:\/\/www.senetic.es\/blog\/app\/uploads\/2026\/01\/miniatura-blog-450x300.jpg 450w, https:\/\/www.senetic.es\/blog\/app\/uploads\/2026\/01\/miniatura-blog-1024x683.jpg 1024w, https:\/\/www.senetic.es\/blog\/app\/uploads\/2026\/01\/miniatura-blog-768x512.jpg 768w, https:\/\/www.senetic.es\/blog\/app\/uploads\/2026\/01\/miniatura-blog.jpg 1200w\" \/><\/a>\t\t\t\n\t\t\t\n\t\t\t\n\t\t\t\t\t\t\t\n\t\t\t\t<span class=\"cat-labels cat-labels-overlay c-overlay p-bot-left\">\n\t\t\t\t<a href=\"https:\/\/www.senetic.es\/blog\/category\/nube-y-software\/cloud-microsoft\/\" class=\"category term-color-87\" rel=\"category\" tabindex=\"-1\">Cloud &amp; Microsoft<\/a>\n\t\t\t<\/span>\n\t\t\t\t\t\t\n\t\t\t\n\t\t\n\t\t<\/div>\n\t\n\n\t\n\t\t<div class=\"content\">\n\n\t\t\t<div class=\"post-meta post-meta-a has-below\"><h2 class=\"is-title post-title\"><a href=\"https:\/\/www.senetic.es\/blog\/1294,senetic-gana-la-segunda-advanced-specialization-microsoft-copilot\/\">Senetic\u00a0gana\u00a0la\u00a0segunda\u00a0Advanced Specialization\u00a0Microsoft \u2014 Copilot\u00a0<\/a><\/h2><div class=\"post-meta-items meta-below\"><span class=\"meta-item date\"><span class=\"date-link\"><time class=\"post-date\" datetime=\"2026-01-22T12:19:51+01:00\">22 January 2026<\/time><\/span><\/span><\/div><\/div>\t\t\t\n\t\t\t\t\t\t\n\t\t\t\t<div class=\"excerpt\">\n\t\t\t\t\t<p>Senetic\u00a0ha\u00a0alcanzado\u00a0otro\u00a0hito\u00a0importante: ha\u00a0obtenido\u00a0la\u00a0Advanced Specialization\u00a0Microsoft\u00a0en\u00a0el\u00a0\u00e1rea\u00a0de Copilot,\u00a0confirmando\u00a0as\u00ed\u00a0el\u00a0m\u00e1ximo\u00a0nivel\u00a0de\u00a0competencia\u00a0en\u00a0el\u00a0\u00e1mbito\u00a0de\u00a0implementar,\u00a0asegurar\u00a0y\u00a0desarrollar\u00a0soluciones\u00a0basadas\u00a0en\u00a0inteligencia\u00a0artificial\u00a0en\u00a0el\u00a0ecosistema\u00a0Microsoft 365.\u00a0<\/p>\n\t\t\t\t<\/div>\n\t\t\t\n\t\t\t\n\t\t\t\n\t\t<\/div>\n\n\t\n<\/article>\t\t\t\t\t\n<article class=\"l-post grid-post grid-base-post\">\n\n\t\n\t\t\t<div class=\"media\">\n\n\t\t\n\t\t\t<a href=\"https:\/\/www.senetic.es\/blog\/1290,oferta-microsoft-purview-suite-for-microsoft-365-business-premium-con-hasta-un-50-de-descuento\/\" class=\"image-link media-ratio ratio-16-9\" title=\"\u00a1Oferta! \u00a1Microsoft Purview Suite for Microsoft 365 Business Premium con hasta un 50% de descuento!\"><img loading=\"lazy\" decoding=\"async\" width=\"377\" height=\"212\" src=\"https:\/\/www.senetic.es\/blog\/app\/uploads\/2025\/12\/Microsoft-Purview-450x300.jpg\" class=\"attachment-bunyad-medium size-bunyad-medium wp-post-image\" alt=\"\" sizes=\"(max-width: 377px) 100vw, 377px\" title=\"\u00a1Oferta! \u00a1Microsoft Purview Suite for Microsoft 365 Business Premium con hasta un 50% de descuento!\" srcset=\"https:\/\/www.senetic.es\/blog\/app\/uploads\/2025\/12\/Microsoft-Purview-450x300.jpg 450w, https:\/\/www.senetic.es\/blog\/app\/uploads\/2025\/12\/Microsoft-Purview-1024x683.jpg 1024w, https:\/\/www.senetic.es\/blog\/app\/uploads\/2025\/12\/Microsoft-Purview-768x512.jpg 768w, https:\/\/www.senetic.es\/blog\/app\/uploads\/2025\/12\/Microsoft-Purview.jpg 1200w\" \/><\/a>\t\t\t\n\t\t\t\n\t\t\t\n\t\t\t\t\t\t\t\n\t\t\t\t<span class=\"cat-labels cat-labels-overlay c-overlay p-bot-left\">\n\t\t\t\t<a href=\"https:\/\/www.senetic.es\/blog\/category\/nube-y-software\/cloud-microsoft\/\" class=\"category term-color-87\" rel=\"category\" tabindex=\"-1\">Cloud &amp; Microsoft<\/a>\n\t\t\t<\/span>\n\t\t\t\t\t\t\n\t\t\t\n\t\t\n\t\t<\/div>\n\t\n\n\t\n\t\t<div class=\"content\">\n\n\t\t\t<div class=\"post-meta post-meta-a has-below\"><h2 class=\"is-title post-title\"><a href=\"https:\/\/www.senetic.es\/blog\/1290,oferta-microsoft-purview-suite-for-microsoft-365-business-premium-con-hasta-un-50-de-descuento\/\">\u00a1Oferta! \u00a1Microsoft Purview Suite for Microsoft 365 Business Premium con hasta un 50% de descuento!<\/a><\/h2><div class=\"post-meta-items meta-below\"><span class=\"meta-item date\"><span class=\"date-link\"><time class=\"post-date\" datetime=\"2025-12-22T12:12:29+01:00\">22 December 2025<\/time><\/span><\/span><\/div><\/div>\t\t\t\n\t\t\t\t\t\t\n\t\t\t\t<div class=\"excerpt\">\n\t\t\t\t\t<p>Microsoft ha preparado una oferta atractiva para clientes empresariales que han comprado el paquete Microsoft&hellip;<\/p>\n\t\t\t\t<\/div>\n\t\t\t\n\t\t\t\n\t\t\t\n\t\t<\/div>\n\n\t\n<\/article>\t\t\t\t\t\n<article class=\"l-post grid-post grid-base-post\">\n\n\t\n\t\t\t<div class=\"media\">\n\n\t\t\n\t\t\t<a href=\"https:\/\/www.senetic.es\/blog\/1280,precios-promocionales-para-microsoft-copilot-business-en-paquetes-con-licencias-de-microsoft-365\/\" class=\"image-link media-ratio ratio-16-9\" title=\"Precios promocionales para Microsoft Copilot Business en paquetes con licencias de Microsoft 365\"><img loading=\"lazy\" decoding=\"async\" width=\"377\" height=\"212\" src=\"https:\/\/www.senetic.es\/blog\/app\/uploads\/2025\/12\/Microsoft-Copilot-450x300.jpg\" class=\"attachment-bunyad-medium size-bunyad-medium wp-post-image\" alt=\"\" sizes=\"(max-width: 377px) 100vw, 377px\" title=\"Precios promocionales para Microsoft Copilot Business en paquetes con licencias de Microsoft 365\" srcset=\"https:\/\/www.senetic.es\/blog\/app\/uploads\/2025\/12\/Microsoft-Copilot-450x300.jpg 450w, https:\/\/www.senetic.es\/blog\/app\/uploads\/2025\/12\/Microsoft-Copilot-1024x683.jpg 1024w, https:\/\/www.senetic.es\/blog\/app\/uploads\/2025\/12\/Microsoft-Copilot-768x512.jpg 768w, https:\/\/www.senetic.es\/blog\/app\/uploads\/2025\/12\/Microsoft-Copilot.jpg 1200w\" \/><\/a>\t\t\t\n\t\t\t\n\t\t\t\n\t\t\t\t\t\t\t\n\t\t\t\t<span class=\"cat-labels cat-labels-overlay c-overlay p-bot-left\">\n\t\t\t\t<a href=\"https:\/\/www.senetic.es\/blog\/category\/nube-y-software\/cloud-microsoft\/\" class=\"category term-color-87\" rel=\"category\" tabindex=\"-1\">Cloud &amp; Microsoft<\/a>\n\t\t\t<\/span>\n\t\t\t\t\t\t\n\t\t\t\n\t\t\n\t\t<\/div>\n\t\n\n\t\n\t\t<div class=\"content\">\n\n\t\t\t<div class=\"post-meta post-meta-a has-below\"><h2 class=\"is-title post-title\"><a href=\"https:\/\/www.senetic.es\/blog\/1280,precios-promocionales-para-microsoft-copilot-business-en-paquetes-con-licencias-de-microsoft-365\/\">Precios promocionales para Microsoft Copilot Business en paquetes con licencias de Microsoft 365<\/a><\/h2><div class=\"post-meta-items meta-below\"><span class=\"meta-item date\"><span class=\"date-link\"><time class=\"post-date\" datetime=\"2025-12-12T14:20:24+01:00\">12 December 2025<\/time><\/span><\/span><\/div><\/div>\t\t\t\n\t\t\t\t\t\t\n\t\t\t\t<div class=\"excerpt\">\n\t\t\t\t\t<p>Desde el 1 de diciembre de 2025 hasta el 31 de marzo de 2026, hay&hellip;<\/p>\n\t\t\t\t<\/div>\n\t\t\t\n\t\t\t\n\t\t\t\n\t\t<\/div>\n\n\t\n<\/article>\t\t\t\t\t\n<article class=\"l-post grid-post grid-base-post\">\n\n\t\n\t\t\t<div class=\"media\">\n\n\t\t\n\t\t\t<a href=\"https:\/\/www.senetic.es\/blog\/1284,como-elegir-el-conmutador-adecuado-para-su-empresa\/\" class=\"image-link media-ratio ratio-16-9\" title=\"\u00bfC\u00f3mo Elegir el Conmutador Adecuado Para su Empresa?\"><img loading=\"lazy\" decoding=\"async\" width=\"377\" height=\"212\" src=\"https:\/\/www.senetic.es\/blog\/app\/uploads\/2025\/12\/switche-dla-firmy-blog-zdjecie-450x300.jpg\" class=\"attachment-bunyad-medium size-bunyad-medium wp-post-image\" alt=\"\" sizes=\"(max-width: 377px) 100vw, 377px\" title=\"\u00bfC\u00f3mo Elegir el Conmutador Adecuado Para su Empresa?\" srcset=\"https:\/\/www.senetic.es\/blog\/app\/uploads\/2025\/12\/switche-dla-firmy-blog-zdjecie-450x300.jpg 450w, https:\/\/www.senetic.es\/blog\/app\/uploads\/2025\/12\/switche-dla-firmy-blog-zdjecie-1024x683.jpg 1024w, https:\/\/www.senetic.es\/blog\/app\/uploads\/2025\/12\/switche-dla-firmy-blog-zdjecie-768x512.jpg 768w, https:\/\/www.senetic.es\/blog\/app\/uploads\/2025\/12\/switche-dla-firmy-blog-zdjecie.jpg 1200w\" \/><\/a>\t\t\t\n\t\t\t\n\t\t\t\n\t\t\t\t\t\t\t\n\t\t\t\t<span class=\"cat-labels cat-labels-overlay c-overlay p-bot-left\">\n\t\t\t\t<a href=\"https:\/\/www.senetic.es\/blog\/category\/hardware-y-tecnologia\/redes-e-infraestructura\/\" class=\"category term-color-15\" rel=\"category\" tabindex=\"-1\">Redes e infraestructura<\/a>\n\t\t\t<\/span>\n\t\t\t\t\t\t\n\t\t\t\n\t\t\n\t\t<\/div>\n\t\n\n\t\n\t\t<div class=\"content\">\n\n\t\t\t<div class=\"post-meta post-meta-a has-below\"><h2 class=\"is-title post-title\"><a href=\"https:\/\/www.senetic.es\/blog\/1284,como-elegir-el-conmutador-adecuado-para-su-empresa\/\">\u00bfC\u00f3mo Elegir el Conmutador Adecuado Para su Empresa?<\/a><\/h2><div class=\"post-meta-items meta-below\"><span class=\"meta-item date\"><span class=\"date-link\"><time class=\"post-date\" datetime=\"2025-12-03T10:04:10+01:00\">3 December 2025<\/time><\/span><\/span><\/div><\/div>\t\t\t\n\t\t\t\t\t\t\n\t\t\t\t<div class=\"excerpt\">\n\t\t\t\t\t<p>El art\u00edculo explica el papel de un dispositivo de red, que conecta dispositivos en una&hellip;<\/p>\n\t\t\t\t<\/div>\n\t\t\t\n\t\t\t\n\t\t\t\n\t\t<\/div>\n\n\t\n<\/article>\t\t\n\t<\/div>\n\n\t\n\n\t<nav class=\"main-pagination pagination-numbers\" data-type=\"numbers-ajax\">\n\t\t<span aria-current=\"page\" class=\"page-numbers current\">1<\/span>\n<a class=\"page-numbers\" href=\"https:\/\/www.senetic.es\/blog\/wp-json\/wp\/v2\/pages\/1171\/page\/2\/\">2<\/a>\n<a class=\"page-numbers\" href=\"https:\/\/www.senetic.es\/blog\/wp-json\/wp\/v2\/pages\/1171\/page\/3\/\">3<\/a>\n<span class=\"page-numbers dots\">&hellip;<\/span>\n<a class=\"page-numbers\" href=\"https:\/\/www.senetic.es\/blog\/wp-json\/wp\/v2\/pages\/1171\/page\/6\/\">6<\/a>\n<a class=\"next page-numbers\" href=\"https:\/\/www.senetic.es\/blog\/wp-json\/wp\/v2\/pages\/1171\/page\/2\/\"><span class=\"visuallyhidden\">Next<\/span><i class=\"tsi tsi-angle-right\"><\/i><\/a>\t<\/nav>\n\n\n\t\n\t\t\t<\/div>\n\n\t\t<\/section>\n\t\t\t\t\t\t<\/div>\n\t\t\t\t<\/div>\n\t\t\t\t\t<\/div>\n\t\t<\/div>\n\t\t\t\t\t<\/div>\n\t\t<\/section>\n\t\t\t\t<\/div>\n\t\t","protected":false},"excerpt":{"rendered":"<p>Home Browsing: Posts Archive Posts archive description Office 365 Fin del soporte para Windows 10 y disponibilidad de ESU 9 October 2025 El soporte para Windows 10 finalizar\u00e1 el 14 de octubre de 2025. Esto significa que&hellip; Noticias Por qu\u00e9 implementar OneDrive en tu empresa 27 August 2025 En el din\u00e1mico entorno empresarial actual, la<\/p>\n","protected":false},"author":2,"featured_media":0,"parent":0,"menu_order":0,"comment_status":"closed","ping_status":"closed","template":"page-templates\/no-wrapper.php","meta":{"footnotes":""},"class_list":["post-1171","page","type-page","status-publish"],"yoast_head":"<!-- This site is optimized with the Yoast SEO plugin v27.3 - https:\/\/yoast.com\/product\/yoast-seo-wordpress\/ -->\n<title>Posts archive - Senetic Blog IT - Microsoft, Office 365, Azure, Ubiquiti, MikroTik<\/title>\n<meta name=\"robots\" content=\"index, follow, max-snippet:-1, max-image-preview:large, max-video-preview:-1\" \/>\n<link rel=\"canonical\" href=\"https:\/\/www.senetic.es\/blog\/posts-archive\/\" \/>\n<meta property=\"og:locale\" content=\"es_ES\" \/>\n<meta property=\"og:type\" content=\"article\" \/>\n<meta property=\"og:title\" content=\"Posts archive - Senetic Blog IT - Microsoft, Office 365, Azure, Ubiquiti, MikroTik\" \/>\n<meta property=\"og:description\" content=\"Home Browsing: Posts Archive Posts archive description Office 365 Fin del soporte para Windows 10 y disponibilidad de ESU 9 October 2025 El soporte para Windows 10 finalizar\u00e1 el 14 de octubre de 2025. Esto significa que&hellip; Noticias Por qu\u00e9 implementar OneDrive en tu empresa 27 August 2025 En el din\u00e1mico entorno empresarial actual, la\" \/>\n<meta property=\"og:url\" content=\"https:\/\/www.senetic.es\/blog\/posts-archive\/\" \/>\n<meta property=\"og:site_name\" content=\"Senetic Blog IT - Microsoft, Office 365, Azure, Ubiquiti, MikroTik\" \/>\n<meta property=\"article:modified_time\" content=\"2025-10-16T09:13:59+00:00\" \/>\n<meta property=\"og:image\" content=\"https:\/\/www.senetic.es\/blog\/app\/uploads\/2025\/10\/Windows-10-2.png\" \/>\n<meta name=\"twitter:card\" content=\"summary_large_image\" \/>\n<meta name=\"twitter:label1\" content=\"Est. reading time\" \/>\n\t<meta name=\"twitter:data1\" content=\"5 minutes\" \/>\n<script type=\"application\/ld+json\" class=\"yoast-schema-graph\">{\"@context\":\"https:\\\/\\\/schema.org\",\"@graph\":[{\"@type\":\"WebPage\",\"@id\":\"https:\\\/\\\/www.senetic.es\\\/blog\\\/posts-archive\\\/\",\"url\":\"https:\\\/\\\/www.senetic.es\\\/blog\\\/posts-archive\\\/\",\"name\":\"Posts archive - Senetic Blog IT - Microsoft, Office 365, Azure, Ubiquiti, MikroTik\",\"isPartOf\":{\"@id\":\"https:\\\/\\\/www.senetic.es\\\/blog\\\/#website\"},\"primaryImageOfPage\":{\"@id\":\"https:\\\/\\\/www.senetic.es\\\/blog\\\/posts-archive\\\/#primaryimage\"},\"image\":{\"@id\":\"https:\\\/\\\/www.senetic.es\\\/blog\\\/posts-archive\\\/#primaryimage\"},\"thumbnailUrl\":\"https:\\\/\\\/www.senetic.es\\\/blog\\\/app\\\/uploads\\\/2025\\\/10\\\/Windows-10-2.png\",\"datePublished\":\"2025-10-16T09:12:07+00:00\",\"dateModified\":\"2025-10-16T09:13:59+00:00\",\"inLanguage\":\"es-ES\",\"potentialAction\":[{\"@type\":\"ReadAction\",\"target\":[\"https:\\\/\\\/www.senetic.es\\\/blog\\\/posts-archive\\\/\"]}]},{\"@type\":\"ImageObject\",\"inLanguage\":\"es-ES\",\"@id\":\"https:\\\/\\\/www.senetic.es\\\/blog\\\/posts-archive\\\/#primaryimage\",\"url\":\"https:\\\/\\\/www.senetic.es\\\/blog\\\/app\\\/uploads\\\/2025\\\/10\\\/Windows-10-2.png\",\"contentUrl\":\"https:\\\/\\\/www.senetic.es\\\/blog\\\/app\\\/uploads\\\/2025\\\/10\\\/Windows-10-2.png\",\"width\":300,\"height\":210},{\"@type\":\"WebSite\",\"@id\":\"https:\\\/\\\/www.senetic.es\\\/blog\\\/#website\",\"url\":\"https:\\\/\\\/www.senetic.es\\\/blog\\\/\",\"name\":\"Senetic Blog IT - Microsoft, Office 365, Azure, Ubiquiti, MikroTik\",\"description\":\"\",\"potentialAction\":[{\"@type\":\"SearchAction\",\"target\":{\"@type\":\"EntryPoint\",\"urlTemplate\":\"https:\\\/\\\/www.senetic.es\\\/blog\\\/?s={search_term_string}\"},\"query-input\":{\"@type\":\"PropertyValueSpecification\",\"valueRequired\":true,\"valueName\":\"search_term_string\"}}],\"inLanguage\":\"es-ES\"}]}<\/script>\n<!-- \/ Yoast SEO plugin. -->","yoast_head_json":{"title":"Posts archive - Senetic Blog IT - Microsoft, Office 365, Azure, Ubiquiti, MikroTik","robots":{"index":"index","follow":"follow","max-snippet":"max-snippet:-1","max-image-preview":"max-image-preview:large","max-video-preview":"max-video-preview:-1"},"canonical":"https:\/\/www.senetic.es\/blog\/posts-archive\/","og_locale":"es_ES","og_type":"article","og_title":"Posts archive - Senetic Blog IT - Microsoft, Office 365, Azure, Ubiquiti, MikroTik","og_description":"Home Browsing: Posts Archive Posts archive description Office 365 Fin del soporte para Windows 10 y disponibilidad de ESU 9 October 2025 El soporte para Windows 10 finalizar\u00e1 el 14 de octubre de 2025. Esto significa que&hellip; Noticias Por qu\u00e9 implementar OneDrive en tu empresa 27 August 2025 En el din\u00e1mico entorno empresarial actual, la","og_url":"https:\/\/www.senetic.es\/blog\/posts-archive\/","og_site_name":"Senetic Blog IT - Microsoft, Office 365, Azure, Ubiquiti, MikroTik","article_modified_time":"2025-10-16T09:13:59+00:00","og_image":[{"url":"https:\/\/www.senetic.es\/blog\/app\/uploads\/2025\/10\/Windows-10-2.png","type":"","width":"","height":""}],"twitter_card":"summary_large_image","twitter_misc":{"Est. reading time":"5 minutes"},"schema":{"@context":"https:\/\/schema.org","@graph":[{"@type":"WebPage","@id":"https:\/\/www.senetic.es\/blog\/posts-archive\/","url":"https:\/\/www.senetic.es\/blog\/posts-archive\/","name":"Posts archive - Senetic Blog IT - Microsoft, Office 365, Azure, Ubiquiti, MikroTik","isPartOf":{"@id":"https:\/\/www.senetic.es\/blog\/#website"},"primaryImageOfPage":{"@id":"https:\/\/www.senetic.es\/blog\/posts-archive\/#primaryimage"},"image":{"@id":"https:\/\/www.senetic.es\/blog\/posts-archive\/#primaryimage"},"thumbnailUrl":"https:\/\/www.senetic.es\/blog\/app\/uploads\/2025\/10\/Windows-10-2.png","datePublished":"2025-10-16T09:12:07+00:00","dateModified":"2025-10-16T09:13:59+00:00","inLanguage":"es-ES","potentialAction":[{"@type":"ReadAction","target":["https:\/\/www.senetic.es\/blog\/posts-archive\/"]}]},{"@type":"ImageObject","inLanguage":"es-ES","@id":"https:\/\/www.senetic.es\/blog\/posts-archive\/#primaryimage","url":"https:\/\/www.senetic.es\/blog\/app\/uploads\/2025\/10\/Windows-10-2.png","contentUrl":"https:\/\/www.senetic.es\/blog\/app\/uploads\/2025\/10\/Windows-10-2.png","width":300,"height":210},{"@type":"WebSite","@id":"https:\/\/www.senetic.es\/blog\/#website","url":"https:\/\/www.senetic.es\/blog\/","name":"Senetic Blog IT - Microsoft, Office 365, Azure, Ubiquiti, MikroTik","description":"","potentialAction":[{"@type":"SearchAction","target":{"@type":"EntryPoint","urlTemplate":"https:\/\/www.senetic.es\/blog\/?s={search_term_string}"},"query-input":{"@type":"PropertyValueSpecification","valueRequired":true,"valueName":"search_term_string"}}],"inLanguage":"es-ES"}]}},"_links":{"self":[{"href":"https:\/\/www.senetic.es\/blog\/wp-json\/wp\/v2\/pages\/1171","targetHints":{"allow":["GET"]}}],"collection":[{"href":"https:\/\/www.senetic.es\/blog\/wp-json\/wp\/v2\/pages"}],"about":[{"href":"https:\/\/www.senetic.es\/blog\/wp-json\/wp\/v2\/types\/page"}],"author":[{"embeddable":true,"href":"https:\/\/www.senetic.es\/blog\/wp-json\/wp\/v2\/users\/2"}],"replies":[{"embeddable":true,"href":"https:\/\/www.senetic.es\/blog\/wp-json\/wp\/v2\/comments?post=1171"}],"version-history":[{"count":7,"href":"https:\/\/www.senetic.es\/blog\/wp-json\/wp\/v2\/pages\/1171\/revisions"}],"predecessor-version":[{"id":1178,"href":"https:\/\/www.senetic.es\/blog\/wp-json\/wp\/v2\/pages\/1171\/revisions\/1178"}],"wp:attachment":[{"href":"https:\/\/www.senetic.es\/blog\/wp-json\/wp\/v2\/media?parent=1171"}],"curies":[{"name":"wp","href":"https:\/\/api.w.org\/{rel}","templated":true}]}}